{"id":26,"date":"2017-12-05T08:22:15","date_gmt":"2017-12-05T08:22:15","guid":{"rendered":"http:\/\/sulixerver\/weboldal\/?page_id=26"},"modified":"2018-01-03T08:49:43","modified_gmt":"2018-01-03T07:49:43","slug":"2016-2017-es-tanev","status":"publish","type":"page","link":"http:\/\/altisk-szederkeny.edu.hu\/weboldal\/?page_id=26","title":{"rendered":"2016\/2017-es tan\u00e9v"},"content":{"rendered":"<div class=\"ngg-albumoverview default-view\">\n            <div class=\"ngg-album\">\n            <div class=\"ngg-albumcontent\">\n                <div class=\"ngg-thumbnail\">\n                    <a class='gallery_link' href='http:\/\/altisk-szederkeny.edu.hu\/weboldal\/index.php\/nggallery\/2016-2017-es-tanev\/L\u00e1btoll-labda?page_id=26'>\n                        <img class=\"Thumb\"\n                             alt=\"L\u00e1btoll-labda\"\n                             src=\"http:\/\/altisk-szederkeny.edu.hu\/weboldal\/wp-content\/gallery\/labtoll-labda\/cache\/20170401_092919.jpg-nggid03627-ngg0dyn-91x68-00f0w010c011r110f110r010t010.jpg\"\/>\n                    <\/a>\n                <\/div>\n                <div class=\"ngg-albumtitle\">\n                  <a class='gallery_link' href='http:\/\/altisk-szederkeny.edu.hu\/weboldal\/index.php\/nggallery\/2016-2017-es-tanev\/L\u00e1btoll-labda?page_id=26'>L\u00e1btoll-labda<\/a>\n                <\/div>\n                <div class=\"ngg-description\">\n                    <p><\/p>\n                                            <p class=\"ngg-album-gallery-image-counter\"><strong>6<\/strong>&nbsp;F\u00e9nyk\u00e9p<\/p>\n                                    <\/div>\n            <\/div>\n        <\/div>\n            <div class=\"ngg-album\">\n            <div class=\"ngg-albumcontent\">\n                <div class=\"ngg-thumbnail\">\n                    <a class='gallery_link' href='http:\/\/altisk-szederkeny.edu.hu\/weboldal\/index.php\/nggallery\/2016-2017-es-tanev\/Mikul\u00e1s?page_id=26'>\n                        <img class=\"Thumb\"\n                             alt=\"Mikul\u00e1s\"\n                             src=\"http:\/\/altisk-szederkeny.edu.hu\/weboldal\/wp-content\/gallery\/mikulas\/cache\/IMG_0001.JPG-nggid03435-ngg0dyn-91x68-00f0w010c011r110f110r010t010.JPG\"\/>\n                    <\/a>\n                <\/div>\n                <div class=\"ngg-albumtitle\">\n                  <a class='gallery_link' href='http:\/\/altisk-szederkeny.edu.hu\/weboldal\/index.php\/nggallery\/2016-2017-es-tanev\/Mikul\u00e1s?page_id=26'>Mikul\u00e1s<\/a>\n                <\/div>\n                <div class=\"ngg-description\">\n                    <p><\/p>\n                                            <p class=\"ngg-album-gallery-image-counter\"><strong>17<\/strong>&nbsp;F\u00e9nyk\u00e9p<\/p>\n                                    <\/div>\n            <\/div>\n        <\/div>\n            <div class=\"ngg-album\">\n            <div class=\"ngg-albumcontent\">\n                <div class=\"ngg-thumbnail\">\n                    <a class='gallery_link' href='http:\/\/altisk-szederkeny.edu.hu\/weboldal\/index.php\/nggallery\/2016-2017-es-tanev\/Nemzetis\u00e9gi-projektnap:-Geresdlak?page_id=26'>\n                        <img class=\"Thumb\"\n                             alt=\"Nemzetis\u00e9gi projektnap: Geresdlak\"\n                             src=\"http:\/\/altisk-szederkeny.edu.hu\/weboldal\/wp-content\/gallery\/nemzetisegi-projektnap-geresdlak\/cache\/IMG_20161118_091400.jpg-nggid03428-ngg0dyn-91x68-00f0w010c011r110f110r010t010.jpg\"\/>\n                    <\/a>\n                <\/div>\n                <div class=\"ngg-albumtitle\">\n                  <a class='gallery_link' href='http:\/\/altisk-szederkeny.edu.hu\/weboldal\/index.php\/nggallery\/2016-2017-es-tanev\/Nemzetis\u00e9gi-projektnap:-Geresdlak?page_id=26'>Nemzetis\u00e9gi projektnap: Geresdlak<\/a>\n                <\/div>\n                <div class=\"ngg-description\">\n                    <p><\/p>\n                                            <p class=\"ngg-album-gallery-image-counter\"><strong>7<\/strong>&nbsp;F\u00e9nyk\u00e9p<\/p>\n                                    <\/div>\n            <\/div>\n        <\/div>\n            <div class=\"ngg-album\">\n            <div class=\"ngg-albumcontent\">\n                <div class=\"ngg-thumbnail\">\n                    <a class='gallery_link' href='http:\/\/altisk-szederkeny.edu.hu\/weboldal\/index.php\/nggallery\/2016-2017-es-tanev\/Legyen-minden-nap-m\u00e9zes-nap?page_id=26'>\n                        <img class=\"Thumb\"\n                             alt=\"Legyen minden nap m\u00e9zes nap\"\n                             src=\"http:\/\/altisk-szederkeny.edu.hu\/weboldal\/wp-content\/gallery\/legyen-minden-nap-mezes-nap\/cache\/101_2340.JPG-nggid03421-ngg0dyn-91x68-00f0w010c011r110f110r010t010.JPG\"\/>\n                    <\/a>\n                <\/div>\n                <div class=\"ngg-albumtitle\">\n                  <a class='gallery_link' href='http:\/\/altisk-szederkeny.edu.hu\/weboldal\/index.php\/nggallery\/2016-2017-es-tanev\/Legyen-minden-nap-m\u00e9zes-nap?page_id=26'>Legyen minden nap m\u00e9zes nap<\/a>\n                <\/div>\n                <div class=\"ngg-description\">\n                    <p><\/p>\n                                            <p class=\"ngg-album-gallery-image-counter\"><strong>7<\/strong>&nbsp;F\u00e9nyk\u00e9p<\/p>\n                                    <\/div>\n            <\/div>\n        <\/div>\n            <div class=\"ngg-album\">\n            <div class=\"ngg-albumcontent\">\n                <div class=\"ngg-thumbnail\">\n                    <a class='gallery_link' href='http:\/\/altisk-szederkeny.edu.hu\/weboldal\/index.php\/nggallery\/2016-2017-es-tanev\/Akikre-b\u00fcszk\u00e9k-vagyunk?page_id=26'>\n                        <img class=\"Thumb\"\n                             alt=\"Akikre b\u00fcszk\u00e9k vagyunk\"\n                             src=\"http:\/\/altisk-szederkeny.edu.hu\/weboldal\/wp-content\/gallery\/akikre-buszkek-vagyunk\/cache\/Balatinacz_Milena.jpg-nggid03396-ngg0dyn-91x68-00f0w010c011r110f110r010t010.jpg\"\/>\n                    <\/a>\n                <\/div>\n                <div class=\"ngg-albumtitle\">\n                  <a class='gallery_link' href='http:\/\/altisk-szederkeny.edu.hu\/weboldal\/index.php\/nggallery\/2016-2017-es-tanev\/Akikre-b\u00fcszk\u00e9k-vagyunk?page_id=26'>Akikre b\u00fcszk\u00e9k vagyunk<\/a>\n                <\/div>\n                <div class=\"ngg-description\">\n                    <p><\/p>\n                                            <p class=\"ngg-album-gallery-image-counter\"><strong>25<\/strong>&nbsp;F\u00e9nyk\u00e9p<\/p>\n                                    <\/div>\n            <\/div>\n        <\/div>\n            <div class=\"ngg-album\">\n            <div class=\"ngg-albumcontent\">\n                <div class=\"ngg-thumbnail\">\n                    <a class='gallery_link' href='http:\/\/altisk-szederkeny.edu.hu\/weboldal\/index.php\/nggallery\/2016-2017-es-tanev\/Advent-1.-vas\u00e1rnapja?page_id=26'>\n                        <img class=\"Thumb\"\n                             alt=\"Advent 1. vas\u00e1rnapja\"\n                             src=\"http:\/\/altisk-szederkeny.edu.hu\/weboldal\/wp-content\/gallery\/advent-1-vasarnapja\/cache\/20161128_110555.jpg-nggid03452-ngg0dyn-91x68-00f0w010c011r110f110r010t010.jpg\"\/>\n                    <\/a>\n                <\/div>\n                <div class=\"ngg-albumtitle\">\n                  <a class='gallery_link' href='http:\/\/altisk-szederkeny.edu.hu\/weboldal\/index.php\/nggallery\/2016-2017-es-tanev\/Advent-1.-vas\u00e1rnapja?page_id=26'>Advent 1. vas\u00e1rnapja<\/a>\n                <\/div>\n                <div class=\"ngg-description\">\n                    <p><\/p>\n                                            <p class=\"ngg-album-gallery-image-counter\"><strong>4<\/strong>&nbsp;F\u00e9nyk\u00e9p<\/p>\n                                    <\/div>\n            <\/div>\n        <\/div>\n            <div class=\"ngg-album\">\n            <div class=\"ngg-albumcontent\">\n                <div class=\"ngg-thumbnail\">\n                    <a class='gallery_link' href='http:\/\/altisk-szederkeny.edu.hu\/weboldal\/index.php\/nggallery\/2016-2017-es-tanev\/Advent-2.-vas\u00e1rnapja?page_id=26'>\n                        <img class=\"Thumb\"\n                             alt=\"Advent 2. vas\u00e1rnapja\"\n                             src=\"http:\/\/altisk-szederkeny.edu.hu\/weboldal\/wp-content\/gallery\/advent-2-vasarnapja\/cache\/20161205_110515.jpg-nggid03456-ngg0dyn-91x68-00f0w010c011r110f110r010t010.jpg\"\/>\n                    <\/a>\n                <\/div>\n                <div class=\"ngg-albumtitle\">\n                  <a class='gallery_link' href='http:\/\/altisk-szederkeny.edu.hu\/weboldal\/index.php\/nggallery\/2016-2017-es-tanev\/Advent-2.-vas\u00e1rnapja?page_id=26'>Advent 2. vas\u00e1rnapja<\/a>\n                <\/div>\n                <div class=\"ngg-description\">\n                    <p><\/p>\n                                            <p class=\"ngg-album-gallery-image-counter\"><strong>10<\/strong>&nbsp;F\u00e9nyk\u00e9p<\/p>\n                                    <\/div>\n            <\/div>\n        <\/div>\n            <div class=\"ngg-album\">\n            <div class=\"ngg-albumcontent\">\n                <div class=\"ngg-thumbnail\">\n                    <a class='gallery_link' href='http:\/\/altisk-szederkeny.edu.hu\/weboldal\/index.php\/nggallery\/2016-2017-es-tanev\/Mecseki-kir\u00e1ndul\u00e1s?page_id=26'>\n                        <img class=\"Thumb\"\n                             alt=\"Mecseki kir\u00e1ndul\u00e1s\"\n                             src=\"http:\/\/altisk-szederkeny.edu.hu\/weboldal\/wp-content\/gallery\/mecseki-kirandulas\/cache\/DSC03956.JPG-nggid03577-ngg0dyn-91x68-00f0w010c011r110f110r010t010.JPG\"\/>\n                    <\/a>\n                <\/div>\n                <div class=\"ngg-albumtitle\">\n                  <a class='gallery_link' href='http:\/\/altisk-szederkeny.edu.hu\/weboldal\/index.php\/nggallery\/2016-2017-es-tanev\/Mecseki-kir\u00e1ndul\u00e1s?page_id=26'>Mecseki kir\u00e1ndul\u00e1s<\/a>\n                <\/div>\n                <div class=\"ngg-description\">\n                    <p><\/p>\n                                            <p class=\"ngg-album-gallery-image-counter\"><strong>50<\/strong>&nbsp;F\u00e9nyk\u00e9p<\/p>\n                                    <\/div>\n            <\/div>\n        <\/div>\n            <div class=\"ngg-album\">\n            <div class=\"ngg-albumcontent\">\n                <div class=\"ngg-thumbnail\">\n                    <a class='gallery_link' href='http:\/\/altisk-szederkeny.edu.hu\/weboldal\/index.php\/nggallery\/2016-2017-es-tanev\/Rajzp\u00e1ly\u00e1zat?page_id=26'>\n                        <img class=\"Thumb\"\n                             alt=\"Rajzp\u00e1ly\u00e1zat\"\n                             src=\"http:\/\/altisk-szederkeny.edu.hu\/weboldal\/wp-content\/gallery\/rajzpalyazat\/cache\/IMG_0005.JPG-nggid03544-ngg0dyn-91x68-00f0w010c011r110f110r010t010.JPG\"\/>\n                    <\/a>\n                <\/div>\n                <div class=\"ngg-albumtitle\">\n                  <a class='gallery_link' href='http:\/\/altisk-szederkeny.edu.hu\/weboldal\/index.php\/nggallery\/2016-2017-es-tanev\/Rajzp\u00e1ly\u00e1zat?page_id=26'>Rajzp\u00e1ly\u00e1zat<\/a>\n                <\/div>\n                <div class=\"ngg-description\">\n                    <p><\/p>\n                                            <p class=\"ngg-album-gallery-image-counter\"><strong>33<\/strong>&nbsp;F\u00e9nyk\u00e9p<\/p>\n                                    <\/div>\n            <\/div>\n        <\/div>\n            <div class=\"ngg-album\">\n            <div class=\"ngg-albumcontent\">\n                <div class=\"ngg-thumbnail\">\n                    <a class='gallery_link' href='http:\/\/altisk-szederkeny.edu.hu\/weboldal\/index.php\/nggallery\/2016-2017-es-tanev\/Kar\u00e1csony?page_id=26'>\n                        <img class=\"Thumb\"\n                             alt=\"Kar\u00e1csony\"\n                             src=\"http:\/\/altisk-szederkeny.edu.hu\/weboldal\/wp-content\/gallery\/karacsony\/cache\/IMG_0001.JPG-nggid03504-ngg0dyn-91x68-00f0w010c011r110f110r010t010.JPG\"\/>\n                    <\/a>\n                <\/div>\n                <div class=\"ngg-albumtitle\">\n                  <a class='gallery_link' href='http:\/\/altisk-szederkeny.edu.hu\/weboldal\/index.php\/nggallery\/2016-2017-es-tanev\/Kar\u00e1csony?page_id=26'>Kar\u00e1csony<\/a>\n                <\/div>\n                <div class=\"ngg-description\">\n                    <p><\/p>\n                                            <p class=\"ngg-album-gallery-image-counter\"><strong>40<\/strong>&nbsp;F\u00e9nyk\u00e9p<\/p>\n                                    <\/div>\n            <\/div>\n        <\/div>\n            <div class=\"ngg-album\">\n            <div class=\"ngg-albumcontent\">\n                <div class=\"ngg-thumbnail\">\n                    <a class='gallery_link' href='http:\/\/altisk-szederkeny.edu.hu\/weboldal\/index.php\/nggallery\/2016-2017-es-tanev\/Advent-3.-vas\u00e1rnapja?page_id=26'>\n                        <img class=\"Thumb\"\n                             alt=\"Advent 3. vas\u00e1rnapja\"\n                             src=\"http:\/\/altisk-szederkeny.edu.hu\/weboldal\/wp-content\/gallery\/advent-3-vasarnapja\/cache\/IMG_0001.JPG-nggid03466-ngg0dyn-91x68-00f0w010c011r110f110r010t010.JPG\"\/>\n                    <\/a>\n                <\/div>\n                <div class=\"ngg-albumtitle\">\n                  <a class='gallery_link' href='http:\/\/altisk-szederkeny.edu.hu\/weboldal\/index.php\/nggallery\/2016-2017-es-tanev\/Advent-3.-vas\u00e1rnapja?page_id=26'>Advent 3. vas\u00e1rnapja<\/a>\n                <\/div>\n                <div class=\"ngg-description\">\n                    <p><\/p>\n                                            <p class=\"ngg-album-gallery-image-counter\"><strong>15<\/strong>&nbsp;F\u00e9nyk\u00e9p<\/p>\n                                    <\/div>\n            <\/div>\n        <\/div>\n            <div class=\"ngg-album\">\n            <div class=\"ngg-albumcontent\">\n                <div class=\"ngg-thumbnail\">\n                    <a class='gallery_link' href='http:\/\/altisk-szederkeny.edu.hu\/weboldal\/index.php\/nggallery\/2016-2017-es-tanev\/Advent-4.-vas\u00e1rnapja?page_id=26'>\n                        <img class=\"Thumb\"\n                             alt=\"Advent 4. vas\u00e1rnapja\"\n                             src=\"http:\/\/altisk-szederkeny.edu.hu\/weboldal\/wp-content\/gallery\/advent-4-vasarnapja\/cache\/IMG_0006.JPG-nggid03481-ngg0dyn-91x68-00f0w010c011r110f110r010t010.JPG\"\/>\n                    <\/a>\n                <\/div>\n                <div class=\"ngg-albumtitle\">\n                  <a class='gallery_link' href='http:\/\/altisk-szederkeny.edu.hu\/weboldal\/index.php\/nggallery\/2016-2017-es-tanev\/Advent-4.-vas\u00e1rnapja?page_id=26'>Advent 4. vas\u00e1rnapja<\/a>\n                <\/div>\n                <div class=\"ngg-description\">\n                    <p><\/p>\n                                            <p class=\"ngg-album-gallery-image-counter\"><strong>23<\/strong>&nbsp;F\u00e9nyk\u00e9p<\/p>\n                                    <\/div>\n            <\/div>\n        <\/div>\n            <div class=\"ngg-album\">\n            <div class=\"ngg-albumcontent\">\n                <div class=\"ngg-thumbnail\">\n                    <a class='gallery_link' href='http:\/\/altisk-szederkeny.edu.hu\/weboldal\/index.php\/nggallery\/2016-2017-es-tanev\/Halloween?page_id=26'>\n                        <img class=\"Thumb\"\n                             alt=\"Halloween\"\n                             src=\"http:\/\/altisk-szederkeny.edu.hu\/weboldal\/wp-content\/gallery\/halloween\/cache\/IMG_0021.JPG-nggid03389-ngg0dyn-91x68-00f0w010c011r110f110r010t010.JPG\"\/>\n                    <\/a>\n                <\/div>\n                <div class=\"ngg-albumtitle\">\n                  <a class='gallery_link' href='http:\/\/altisk-szederkeny.edu.hu\/weboldal\/index.php\/nggallery\/2016-2017-es-tanev\/Halloween?page_id=26'>Halloween<\/a>\n                <\/div>\n                <div class=\"ngg-description\">\n                    <p><\/p>\n                                            <p class=\"ngg-album-gallery-image-counter\"><strong>7<\/strong>&nbsp;F\u00e9nyk\u00e9p<\/p>\n                                    <\/div>\n            <\/div>\n        <\/div>\n            <div class=\"ngg-album\">\n            <div class=\"ngg-albumcontent\">\n                <div class=\"ngg-thumbnail\">\n                    <a class='gallery_link' href='http:\/\/altisk-szederkeny.edu.hu\/weboldal\/index.php\/nggallery\/2016-2017-es-tanev\/Planet\u00e1rium?page_id=26'>\n                        <img class=\"Thumb\"\n                             alt=\"Planet\u00e1rium\"\n                             src=\"http:\/\/altisk-szederkeny.edu.hu\/weboldal\/wp-content\/gallery\/planetarium\/cache\/IMG_0018.JPG-nggid03378-ngg0dyn-91x68-00f0w010c011r110f110r010t010.JPG\"\/>\n                    <\/a>\n                <\/div>\n                <div class=\"ngg-albumtitle\">\n                  <a class='gallery_link' href='http:\/\/altisk-szederkeny.edu.hu\/weboldal\/index.php\/nggallery\/2016-2017-es-tanev\/Planet\u00e1rium?page_id=26'>Planet\u00e1rium<\/a>\n                <\/div>\n                <div class=\"ngg-description\">\n                    <p><\/p>\n                                            <p class=\"ngg-album-gallery-image-counter\"><strong>11<\/strong>&nbsp;F\u00e9nyk\u00e9p<\/p>\n                                    <\/div>\n            <\/div>\n        <\/div>\n            <div class=\"ngg-album\">\n            <div class=\"ngg-albumcontent\">\n                <div class=\"ngg-thumbnail\">\n                    <a class='gallery_link' href='http:\/\/altisk-szederkeny.edu.hu\/weboldal\/index.php\/nggallery\/2016-2017-es-tanev\/Wanderb\u00fcndel?page_id=26'>\n                        <img class=\"Thumb\"\n                             alt=\"Wanderb\u00fcndel\"\n                             src=\"http:\/\/altisk-szederkeny.edu.hu\/weboldal\/wp-content\/gallery\/wanderbundel\/cache\/IMG_0041.JPG-nggid03167-ngg0dyn-91x68-00f0w010c011r110f110r010t010.JPG\"\/>\n                    <\/a>\n                <\/div>\n                <div class=\"ngg-albumtitle\">\n                  <a class='gallery_link' href='http:\/\/altisk-szederkeny.edu.hu\/weboldal\/index.php\/nggallery\/2016-2017-es-tanev\/Wanderb\u00fcndel?page_id=26'>Wanderb\u00fcndel<\/a>\n                <\/div>\n                <div class=\"ngg-description\">\n                    <p><\/p>\n                                            <p class=\"ngg-album-gallery-image-counter\"><strong>34<\/strong>&nbsp;F\u00e9nyk\u00e9p<\/p>\n                                    <\/div>\n            <\/div>\n        <\/div>\n            <div class=\"ngg-album\">\n            <div class=\"ngg-albumcontent\">\n                <div class=\"ngg-thumbnail\">\n                    <a class='gallery_link' href='http:\/\/altisk-szederkeny.edu.hu\/weboldal\/index.php\/nggallery\/2016-2017-es-tanev\/Nemzetis\u00e9gi-projektnap:-Somberek?page_id=26'>\n                        <img class=\"Thumb\"\n                             alt=\"Nemzetis\u00e9gi projektnap: Somberek\"\n                             src=\"http:\/\/altisk-szederkeny.edu.hu\/weboldal\/wp-content\/gallery\/nemzetisegi-projektnap-somberek\/cache\/IMG_0009.JPG-nggid03117-ngg0dyn-91x68-00f0w010c011r110f110r010t010.JPG\"\/>\n                    <\/a>\n                <\/div>\n                <div class=\"ngg-albumtitle\">\n                  <a class='gallery_link' href='http:\/\/altisk-szederkeny.edu.hu\/weboldal\/index.php\/nggallery\/2016-2017-es-tanev\/Nemzetis\u00e9gi-projektnap:-Somberek?page_id=26'>Nemzetis\u00e9gi projektnap: Somberek<\/a>\n                <\/div>\n                <div class=\"ngg-description\">\n                    <p><\/p>\n                                            <p class=\"ngg-album-gallery-image-counter\"><strong>50<\/strong>&nbsp;F\u00e9nyk\u00e9p<\/p>\n                                    <\/div>\n            <\/div>\n        <\/div>\n            <div class=\"ngg-album\">\n            <div class=\"ngg-albumcontent\">\n                <div class=\"ngg-thumbnail\">\n                    <a class='gallery_link' href='http:\/\/altisk-szederkeny.edu.hu\/weboldal\/index.php\/nggallery\/2016-2017-es-tanev\/\u0150szi-t\u00fara?page_id=26'>\n                        <img class=\"Thumb\"\n                             alt=\"\u0150szi t\u00fara\"\n                             src=\"http:\/\/altisk-szederkeny.edu.hu\/weboldal\/wp-content\/gallery\/oszi-tura\/cache\/20160909_110122.jpg-nggid03100-ngg0dyn-91x68-00f0w010c011r110f110r010t010.jpg\"\/>\n                    <\/a>\n                <\/div>\n                <div class=\"ngg-albumtitle\">\n                  <a class='gallery_link' href='http:\/\/altisk-szederkeny.edu.hu\/weboldal\/index.php\/nggallery\/2016-2017-es-tanev\/\u0150szi-t\u00fara?page_id=26'>\u0150szi t\u00fara<\/a>\n                <\/div>\n                <div class=\"ngg-description\">\n                    <p><\/p>\n                                            <p class=\"ngg-album-gallery-image-counter\"><strong>17<\/strong>&nbsp;F\u00e9nyk\u00e9p<\/p>\n                                    <\/div>\n            <\/div>\n        <\/div>\n            <div class=\"ngg-album\">\n            <div class=\"ngg-albumcontent\">\n                <div class=\"ngg-thumbnail\">\n                    <a class='gallery_link' href='http:\/\/altisk-szederkeny.edu.hu\/weboldal\/index.php\/nggallery\/2016-2017-es-tanev\/Tan\u00e9vnyit\u00f3?page_id=26'>\n                        <img class=\"Thumb\"\n                             alt=\"Tan\u00e9vnyit\u00f3\"\n                             src=\"http:\/\/altisk-szederkeny.edu.hu\/weboldal\/wp-content\/gallery\/tanevnyito\/cache\/IMG_0002.JPG-nggid0277-ngg0dyn-91x68-00f0w010c011r110f110r010t010.JPG\"\/>\n                    <\/a>\n                <\/div>\n                <div class=\"ngg-albumtitle\">\n                  <a class='gallery_link' href='http:\/\/altisk-szederkeny.edu.hu\/weboldal\/index.php\/nggallery\/2016-2017-es-tanev\/Tan\u00e9vnyit\u00f3?page_id=26'>Tan\u00e9vnyit\u00f3<\/a>\n                <\/div>\n                <div class=\"ngg-description\">\n                    <p><\/p>\n                                            <p class=\"ngg-album-gallery-image-counter\"><strong>23<\/strong>&nbsp;F\u00e9nyk\u00e9p<\/p>\n                                    <\/div>\n            <\/div>\n        <\/div>\n            <div class=\"ngg-album\">\n            <div class=\"ngg-albumcontent\">\n                <div class=\"ngg-thumbnail\">\n                    <a class='gallery_link' href='http:\/\/altisk-szederkeny.edu.hu\/weboldal\/index.php\/nggallery\/2016-2017-es-tanev\/Magyar-Di\u00e1ksport-napja?page_id=26'>\n                        <img class=\"Thumb\"\n                             alt=\"Magyar Di\u00e1ksport napja\"\n                             src=\"http:\/\/altisk-szederkeny.edu.hu\/weboldal\/wp-content\/gallery\/magyar-diaksport-napja\/cache\/IMG_0001.JPG-nggid03201-ngg0dyn-91x68-00f0w010c011r110f110r010t010.JPG\"\/>\n                    <\/a>\n                <\/div>\n                <div class=\"ngg-albumtitle\">\n                  <a class='gallery_link' href='http:\/\/altisk-szederkeny.edu.hu\/weboldal\/index.php\/nggallery\/2016-2017-es-tanev\/Magyar-Di\u00e1ksport-napja?page_id=26'>Magyar Di\u00e1ksport napja<\/a>\n                <\/div>\n                <div class=\"ngg-description\">\n                    <p><\/p>\n                                            <p class=\"ngg-album-gallery-image-counter\"><strong>50<\/strong>&nbsp;F\u00e9nyk\u00e9p<\/p>\n                                    <\/div>\n            <\/div>\n        <\/div>\n            <div class=\"ngg-album\">\n            <div class=\"ngg-albumcontent\">\n                <div class=\"ngg-thumbnail\">\n                    <a class='gallery_link' href='http:\/\/altisk-szederkeny.edu.hu\/weboldal\/index.php\/nggallery\/2016-2017-es-tanev\/Zene-Vil\u00e1gnapja?page_id=26'>\n                        <img class=\"Thumb\"\n                             alt=\"Zene Vil\u00e1gnapja\"\n                             src=\"http:\/\/altisk-szederkeny.edu.hu\/weboldal\/wp-content\/gallery\/zene-vilagnapja\/cache\/IMG_0001.JPG-nggid03251-ngg0dyn-91x68-00f0w010c011r110f110r010t010.JPG\"\/>\n                    <\/a>\n                <\/div>\n                <div class=\"ngg-albumtitle\">\n                  <a class='gallery_link' href='http:\/\/altisk-szederkeny.edu.hu\/weboldal\/index.php\/nggallery\/2016-2017-es-tanev\/Zene-Vil\u00e1gnapja?page_id=26'>Zene Vil\u00e1gnapja<\/a>\n                <\/div>\n                <div class=\"ngg-description\">\n                    <p><\/p>\n                                            <p class=\"ngg-album-gallery-image-counter\"><strong>34<\/strong>&nbsp;F\u00e9nyk\u00e9p<\/p>\n                                    <\/div>\n            <\/div>\n        <\/div>\n            <div class=\"ngg-album\">\n            <div class=\"ngg-albumcontent\">\n                <div class=\"ngg-thumbnail\">\n                    <a class='gallery_link' href='http:\/\/altisk-szederkeny.edu.hu\/weboldal\/index.php\/nggallery\/2016-2017-es-tanev\/\u0150sz?page_id=26'>\n                        <img class=\"Thumb\"\n                             alt=\"\u0150sz\"\n                             src=\"http:\/\/altisk-szederkeny.edu.hu\/weboldal\/wp-content\/gallery\/osz\/cache\/IMG_0002.JPG-nggid03371-ngg0dyn-91x68-00f0w010c011r110f110r010t010.JPG\"\/>\n                    <\/a>\n                <\/div>\n                <div class=\"ngg-albumtitle\">\n                  <a class='gallery_link' href='http:\/\/altisk-szederkeny.edu.hu\/weboldal\/index.php\/nggallery\/2016-2017-es-tanev\/\u0150sz?page_id=26'>\u0150sz<\/a>\n                <\/div>\n                <div class=\"ngg-description\">\n                    <p><\/p>\n                                            <p class=\"ngg-album-gallery-image-counter\"><strong>7<\/strong>&nbsp;F\u00e9nyk\u00e9p<\/p>\n                                    <\/div>\n            <\/div>\n        <\/div>\n            <div class=\"ngg-album\">\n            <div class=\"ngg-albumcontent\">\n                <div class=\"ngg-thumbnail\">\n                    <a class='gallery_link' href='http:\/\/altisk-szederkeny.edu.hu\/weboldal\/index.php\/nggallery\/2016-2017-es-tanev\/P\u00e9csi-Sport\u00e1gv\u00e1laszt\u00f3?page_id=26'>\n                        <img class=\"Thumb\"\n                             alt=\"P\u00e9csi Sport\u00e1gv\u00e1laszt\u00f3\"\n                             src=\"http:\/\/altisk-szederkeny.edu.hu\/weboldal\/wp-content\/gallery\/pecsi-sportagvalaszto\/cache\/F%C3%A9nyk%C3%A9p0261.jpg-nggid03352-ngg0dyn-91x68-00f0w010c011r110f110r010t010.jpg\"\/>\n                    <\/a>\n                <\/div>\n                <div class=\"ngg-albumtitle\">\n                  <a class='gallery_link' href='http:\/\/altisk-szederkeny.edu.hu\/weboldal\/index.php\/nggallery\/2016-2017-es-tanev\/P\u00e9csi-Sport\u00e1gv\u00e1laszt\u00f3?page_id=26'>P\u00e9csi Sport\u00e1gv\u00e1laszt\u00f3<\/a>\n                <\/div>\n                <div class=\"ngg-description\">\n                    <p><\/p>\n                                            <p class=\"ngg-album-gallery-image-counter\"><strong>19<\/strong>&nbsp;F\u00e9nyk\u00e9p<\/p>\n                                    <\/div>\n            <\/div>\n        <\/div>\n            <div class=\"ngg-album\">\n            <div class=\"ngg-albumcontent\">\n                <div class=\"ngg-thumbnail\">\n                    <a class='gallery_link' href='http:\/\/altisk-szederkeny.edu.hu\/weboldal\/index.php\/nggallery\/2016-2017-es-tanev\/Atl\u00e9tika-eml\u00e9kverseny-Moh\u00e1cs?page_id=26'>\n                        <img class=\"Thumb\"\n                             alt=\"Atl\u00e9tika eml\u00e9kverseny Moh\u00e1cs\"\n                             src=\"http:\/\/altisk-szederkeny.edu.hu\/weboldal\/wp-content\/gallery\/atletika-emlekverseny-mohacs\/cache\/IMG_3660.JPG-nggid03343-ngg0dyn-91x68-00f0w010c011r110f110r010t010.JPG\"\/>\n                    <\/a>\n                <\/div>\n                <div class=\"ngg-albumtitle\">\n                  <a class='gallery_link' href='http:\/\/altisk-szederkeny.edu.hu\/weboldal\/index.php\/nggallery\/2016-2017-es-tanev\/Atl\u00e9tika-eml\u00e9kverseny-Moh\u00e1cs?page_id=26'>Atl\u00e9tika eml\u00e9kverseny Moh\u00e1cs<\/a>\n                <\/div>\n                <div class=\"ngg-description\">\n                    <p><\/p>\n                                            <p class=\"ngg-album-gallery-image-counter\"><strong>9<\/strong>&nbsp;F\u00e9nyk\u00e9p<\/p>\n                                    <\/div>\n            <\/div>\n        <\/div>\n            <div class=\"ngg-album\">\n            <div class=\"ngg-albumcontent\">\n                <div class=\"ngg-thumbnail\">\n                    <a class='gallery_link' href='http:\/\/altisk-szederkeny.edu.hu\/weboldal\/index.php\/nggallery\/2016-2017-es-tanev\/Aradi-V\u00e9rtan\u00fak-Napja?page_id=26'>\n                        <img class=\"Thumb\"\n                             alt=\"Aradi V\u00e9rtan\u00fak Napja\"\n                             src=\"http:\/\/altisk-szederkeny.edu.hu\/weboldal\/wp-content\/gallery\/aradi-vertanuk-napja\/cache\/IMG_0001.JPG-nggid03285-ngg0dyn-91x68-00f0w010c011r110f110r010t010.JPG\"\/>\n                    <\/a>\n                <\/div>\n                <div class=\"ngg-albumtitle\">\n                  <a class='gallery_link' href='http:\/\/altisk-szederkeny.edu.hu\/weboldal\/index.php\/nggallery\/2016-2017-es-tanev\/Aradi-V\u00e9rtan\u00fak-Napja?page_id=26'>Aradi V\u00e9rtan\u00fak Napja<\/a>\n                <\/div>\n                <div class=\"ngg-description\">\n                    <p><\/p>\n                                            <p class=\"ngg-album-gallery-image-counter\"><strong>8<\/strong>&nbsp;F\u00e9nyk\u00e9p<\/p>\n                                    <\/div>\n            <\/div>\n        <\/div>\n            <div class=\"ngg-album\">\n            <div class=\"ngg-albumcontent\">\n                <div class=\"ngg-thumbnail\">\n                    <a class='gallery_link' href='http:\/\/altisk-szederkeny.edu.hu\/weboldal\/index.php\/nggallery\/2016-2017-es-tanev\/Mecseki-t\u00fara-\u00e9s-az-\u00c1llatkert?page_id=26'>\n                        <img class=\"Thumb\"\n                             alt=\"Mecseki t\u00fara \u00e9s az \u00c1llatkert\"\n                             src=\"http:\/\/altisk-szederkeny.edu.hu\/weboldal\/wp-content\/gallery\/mecseki-tura-es-az-allatkert\/cache\/WP_20160925_10_50_47_Pro.jpg-nggid03293-ngg0dyn-91x68-00f0w010c011r110f110r010t010.jpg\"\/>\n                    <\/a>\n                <\/div>\n                <div class=\"ngg-albumtitle\">\n                  <a class='gallery_link' href='http:\/\/altisk-szederkeny.edu.hu\/weboldal\/index.php\/nggallery\/2016-2017-es-tanev\/Mecseki-t\u00fara-\u00e9s-az-\u00c1llatkert?page_id=26'>Mecseki t\u00fara \u00e9s az \u00c1llatkert<\/a>\n                <\/div>\n                <div class=\"ngg-description\">\n                    <p><\/p>\n                                            <p class=\"ngg-album-gallery-image-counter\"><strong>50<\/strong>&nbsp;F\u00e9nyk\u00e9p<\/p>\n                                    <\/div>\n            <\/div>\n        <\/div>\n        <div class='ngg-clear'><\/div><\/div>\n\n","protected":false},"excerpt":{"rendered":"","protected":false},"author":1,"featured_media":0,"parent":0,"menu_order":0,"comment_status":"closed","ping_status":"closed","template":"","meta":{"ngg_post_thumbnail":0},"_links":{"self":[{"href":"http:\/\/altisk-szederkeny.edu.hu\/weboldal\/index.php?rest_route=\/wp\/v2\/pages\/26"}],"collection":[{"href":"http:\/\/altisk-szederkeny.edu.hu\/weboldal\/index.php?rest_route=\/wp\/v2\/pages"}],"about":[{"href":"http:\/\/altisk-szederkeny.edu.hu\/weboldal\/index.php?rest_route=\/wp\/v2\/types\/page"}],"author":[{"embeddable":true,"href":"http:\/\/altisk-szederkeny.edu.hu\/weboldal\/index.php?rest_route=\/wp\/v2\/users\/1"}],"replies":[{"embeddable":true,"href":"http:\/\/altisk-szederkeny.edu.hu\/weboldal\/index.php?rest_route=%2Fwp%2Fv2%2Fcomments&post=26"}],"version-history":[{"count":2,"href":"http:\/\/altisk-szederkeny.edu.hu\/weboldal\/index.php?rest_route=\/wp\/v2\/pages\/26\/revisions"}],"predecessor-version":[{"id":335,"href":"http:\/\/altisk-szederkeny.edu.hu\/weboldal\/index.php?rest_route=\/wp\/v2\/pages\/26\/revisions\/335"}],"wp:attachment":[{"href":"http:\/\/altisk-szederkeny.edu.hu\/weboldal\/index.php?rest_route=%2Fwp%2Fv2%2Fmedia&parent=26"}],"curies":[{"name":"wp","href":"https:\/\/api.w.org\/{rel}","templated":true}]}}